{"id":2777,"date":"2021-11-20T13:03:05","date_gmt":"2021-11-20T12:03:05","guid":{"rendered":"https:\/\/clubmaritimobarcelona.sitiosendesarrollo.com\/sejours-dete\/"},"modified":"2023-03-30T12:56:13","modified_gmt":"2023-03-30T10:56:13","slug":"sejours-dete","status":"publish","type":"page","link":"https:\/\/www.maritimbarcelona.org\/fr\/activites\/sejours-dete\/","title":{"rendered":"S\u00e9jours sportifs"},"content":{"rendered":"\t\t<div data-elementor-type=\"wp-page\" data-elementor-id=\"2777\" class=\"elementor elementor-2777 elementor-387\" data-elementor-post-type=\"page\">\n\t\t\t\t\t\t<section class=\"ob-is-breaking-bad elementor-section elementor-top-section elementor-element elementor-element-e4849f7 elementor-section-boxed elementor-section-height-default elementor-section-height-default\" data-id=\"e4849f7\" data-element_type=\"section\" data-e-type=\"section\" data-settings=\"{&quot;background_background&quot;:&quot;classic&quot;,&quot;_ob_bbad_use_it&quot;:&quot;yes&quot;,&quot;_ob_bbad_sssic_use&quot;:&quot;no&quot;,&quot;_ob_glider_is_slider&quot;:&quot;no&quot;}\">\n\t\t\t\t\t\t\t<div class=\"elementor-background-overlay\"><\/div>\n\t\t\t\t\t\t\t<div class=\"elementor-container elementor-column-gap-default\">\n\t\t\t\t\t<div class=\"elementor-column elementor-col-100 elementor-top-column elementor-element elementor-element-45a17a6\" data-id=\"45a17a6\" data-element_type=\"column\" data-e-type=\"column\" data-settings=\"{&quot;_ob_bbad_is_stalker&quot;:&quot;no&quot;,&quot;_ob_teleporter_use&quot;:false,&quot;_ob_column_hoveranimator&quot;:&quot;no&quot;,&quot;_ob_column_has_pseudo&quot;:&quot;no&quot;}\">\n\t\t\t<div class=\"elementor-widget-wrap elementor-element-populated\">\n\t\t\t\t\t\t<section class=\"ob-is-breaking-bad ob-bb-inner elementor-section elementor-inner-section elementor-element elementor-element-970c67b elementor-section-boxed elementor-section-height-default elementor-section-height-default\" data-id=\"970c67b\" data-element_type=\"section\" data-e-type=\"section\" data-settings=\"{&quot;_ob_bbad_use_it&quot;:&quot;yes&quot;,&quot;_ob_bbad_sssic_use&quot;:&quot;no&quot;,&quot;_ob_glider_is_slider&quot;:&quot;no&quot;}\">\n\t\t\t\t\t\t<div class=\"elementor-container elementor-column-gap-wider\">\n\t\t\t\t\t<div class=\"elementor-column elementor-col-50 elementor-inner-column elementor-element elementor-element-403c12f\" data-id=\"403c12f\" data-element_type=\"column\" data-e-type=\"column\" data-settings=\"{&quot;_ob_bbad_is_stalker&quot;:&quot;no&quot;,&quot;_ob_teleporter_use&quot;:false,&quot;_ob_column_hoveranimator&quot;:&quot;no&quot;,&quot;_ob_column_has_pseudo&quot;:&quot;no&quot;}\">\n\t\t\t<div class=\"elementor-widget-wrap elementor-element-populated\">\n\t\t\t\t\t\t<div class=\"elementor-element elementor-element-f31ea88 ob-harakiri-inherit ob-has-background-overlay elementor-widget elementor-widget-heading\" data-id=\"f31ea88\" data-element_type=\"widget\" data-e-type=\"widget\" data-settings=\"{&quot;_animation&quot;:&quot;none&quot;,&quot;_animation_delay&quot;:100,&quot;_ob_use_harakiri&quot;:&quot;yes&quot;,&quot;_ob_harakiri_writing_mode&quot;:&quot;inherit&quot;,&quot;_ob_harakiri_text_clip&quot;:&quot;none&quot;,&quot;_ob_perspektive_use&quot;:&quot;no&quot;,&quot;_ob_poopart_use&quot;:&quot;yes&quot;,&quot;_ob_shadough_use&quot;:&quot;no&quot;,&quot;_ob_allow_hoveranimator&quot;:&quot;no&quot;,&quot;_ob_widget_stalker_use&quot;:&quot;no&quot;}\" data-widget_type=\"heading.default\">\n\t\t\t\t<div class=\"elementor-widget-container\">\n\t\t\t\t\t<h1 class=\"elementor-heading-title elementor-size-default\">S\u00e9jours sportifs<\/h1>\t\t\t\t<\/div>\n\t\t\t\t<\/div>\n\t\t\t\t\t<\/div>\n\t\t<\/div>\n\t\t\t\t<div class=\"elementor-column elementor-col-50 elementor-inner-column elementor-element elementor-element-ea81226\" data-id=\"ea81226\" data-element_type=\"column\" data-e-type=\"column\" data-settings=\"{&quot;_ob_bbad_is_stalker&quot;:&quot;no&quot;,&quot;_ob_teleporter_use&quot;:false,&quot;_ob_column_hoveranimator&quot;:&quot;no&quot;,&quot;_ob_column_has_pseudo&quot;:&quot;no&quot;}\">\n\t\t\t<div class=\"elementor-widget-wrap elementor-element-populated\">\n\t\t\t\t\t\t<div class=\"elementor-element elementor-element-5fb7650 ob-harakiri-inherit ob-has-background-overlay elementor-widget elementor-widget-text-editor\" data-id=\"5fb7650\" data-element_type=\"widget\" data-e-type=\"widget\" data-settings=\"{&quot;_ob_use_harakiri&quot;:&quot;yes&quot;,&quot;_ob_harakiri_writing_mode&quot;:&quot;inherit&quot;,&quot;_ob_postman_use&quot;:&quot;no&quot;,&quot;_ob_perspektive_use&quot;:&quot;no&quot;,&quot;_ob_poopart_use&quot;:&quot;yes&quot;,&quot;_ob_shadough_use&quot;:&quot;no&quot;,&quot;_ob_allow_hoveranimator&quot;:&quot;no&quot;,&quot;_ob_widget_stalker_use&quot;:&quot;no&quot;}\" data-widget_type=\"text-editor.default\">\n\t\t\t\t<div class=\"elementor-widget-container\">\n\t\t\t\t\t\t\t\t\t<p>Le Club accueille depuis 2011 les \u00ab\u00a0S\u00e9jours d&rsquo;\u00e9t\u00e9\u00a0\u00bb, une excellente activit\u00e9 pour les enfants et les jeunes qui, dans un environnement privil\u00e9gi\u00e9, s&rsquo;initient aux sports nautiques et apprennent en m\u00eame temps \u00e0 \u00eatre responsables et respectueux de l&rsquo;environnement. <\/p>\n\t\t\t\t\t\t\t\t<\/div>\n\t\t\t\t<\/div>\n\t\t\t\t\t<\/div>\n\t\t<\/div>\n\t\t\t\t\t<\/div>\n\t\t<\/section>\n\t\t\t\t\t<\/div>\n\t\t<\/div>\n\t\t\t\t\t<\/div>\n\t\t<\/section>\n\t\t\t\t<section class=\"ob-is-breaking-bad elementor-section elementor-top-section elementor-element elementor-element-1f8d0ca elementor-section-full_width elementor-section-height-default elementor-section-height-default\" data-id=\"1f8d0ca\" data-element_type=\"section\" data-e-type=\"section\" data-settings=\"{&quot;background_background&quot;:&quot;classic&quot;,&quot;_ob_bbad_use_it&quot;:&quot;yes&quot;,&quot;_ob_bbad_sssic_use&quot;:&quot;no&quot;,&quot;_ob_glider_is_slider&quot;:&quot;no&quot;}\">\n\t\t\t\t\t\t\t<div class=\"elementor-background-overlay\"><\/div>\n\t\t\t\t\t\t\t<div class=\"elementor-container elementor-column-gap-default\">\n\t\t\t\t\t<div class=\"elementor-column elementor-col-100 elementor-top-column elementor-element elementor-element-e939dcb\" data-id=\"e939dcb\" data-element_type=\"column\" data-e-type=\"column\" data-settings=\"{&quot;_ob_bbad_is_stalker&quot;:&quot;no&quot;,&quot;_ob_teleporter_use&quot;:false,&quot;_ob_column_hoveranimator&quot;:&quot;no&quot;,&quot;_ob_column_has_pseudo&quot;:&quot;no&quot;}\">\n\t\t\t<div class=\"elementor-widget-wrap elementor-element-populated\">\n\t\t\t\t\t\t<div class=\"elementor-element elementor-element-6c41cab ob-has-background-overlay elementor-widget elementor-widget-gallery\" data-id=\"6c41cab\" data-element_type=\"widget\" data-e-type=\"widget\" data-settings=\"{&quot;columns&quot;:3,&quot;aspect_ratio&quot;:&quot;1:1&quot;,&quot;gallery_layout&quot;:&quot;grid&quot;,&quot;columns_tablet&quot;:2,&quot;columns_mobile&quot;:1,&quot;gap&quot;:{&quot;unit&quot;:&quot;px&quot;,&quot;size&quot;:10,&quot;sizes&quot;:[]},&quot;gap_tablet&quot;:{&quot;unit&quot;:&quot;px&quot;,&quot;size&quot;:10,&quot;sizes&quot;:[]},&quot;gap_mobile&quot;:{&quot;unit&quot;:&quot;px&quot;,&quot;size&quot;:10,&quot;sizes&quot;:[]},&quot;link_to&quot;:&quot;file&quot;,&quot;overlay_background&quot;:&quot;yes&quot;,&quot;content_hover_animation&quot;:&quot;fade-in&quot;,&quot;_ob_perspektive_use&quot;:&quot;no&quot;,&quot;_ob_poopart_use&quot;:&quot;yes&quot;,&quot;_ob_shadough_use&quot;:&quot;no&quot;,&quot;_ob_allow_hoveranimator&quot;:&quot;no&quot;,&quot;_ob_widget_stalker_use&quot;:&quot;no&quot;}\" data-widget_type=\"gallery.default\">\n\t\t\t\t<div class=\"elementor-widget-container\">\n\t\t\t\t\t\t\t<div class=\"elementor-gallery__container\">\n\t\t\t\t\t\t\t<a class=\"e-gallery-item elementor-gallery-item elementor-animated-content\" href=\"https:\/\/www.maritimbarcelona.org\/wp-content\/uploads\/2021\/12\/IMG_1582.jpeg\" data-elementor-open-lightbox=\"yes\" data-elementor-lightbox-slideshow=\"6c41cab\" data-elementor-lightbox-title=\"IMG_1582\" data-e-action-hash=\"#elementor-action%3Aaction%3Dlightbox%26settings%3DeyJpZCI6NTA1NywidXJsIjoiaHR0cHM6XC9cL3d3dy5tYXJpdGltYmFyY2Vsb25hLm9yZ1wvd3AtY29udGVudFwvdXBsb2Fkc1wvMjAyMVwvMTJcL0lNR18xNTgyLmpwZWciLCJzbGlkZXNob3ciOiI2YzQxY2FiIn0%3D\">\n\t\t\t\t\t<div class=\"e-gallery-image elementor-gallery-item__image\" data-thumbnail=\"https:\/\/www.maritimbarcelona.org\/wp-content\/uploads\/2021\/12\/IMG_1582.jpeg\" data-width=\"\" data-height=\"\" aria-label=\"\" role=\"img\" ><\/div>\n\t\t\t\t\t\t\t\t\t\t\t<div class=\"elementor-gallery-item__overlay\"><\/div>\n\t\t\t\t\t\t\t\t\t\t\t\t\t\t<\/a>\n\t\t\t\t\t\t\t<a class=\"e-gallery-item elementor-gallery-item elementor-animated-content\" href=\"https:\/\/www.maritimbarcelona.org\/wp-content\/uploads\/2021\/12\/IMG_1698.jpeg\" data-elementor-open-lightbox=\"yes\" data-elementor-lightbox-slideshow=\"6c41cab\" data-elementor-lightbox-title=\"IMG_1698\" data-e-action-hash=\"#elementor-action%3Aaction%3Dlightbox%26settings%3DeyJpZCI6NTA4OSwidXJsIjoiaHR0cHM6XC9cL3d3dy5tYXJpdGltYmFyY2Vsb25hLm9yZ1wvd3AtY29udGVudFwvdXBsb2Fkc1wvMjAyMVwvMTJcL0lNR18xNjk4LmpwZWciLCJzbGlkZXNob3ciOiI2YzQxY2FiIn0%3D\">\n\t\t\t\t\t<div class=\"e-gallery-image elementor-gallery-item__image\" data-thumbnail=\"https:\/\/www.maritimbarcelona.org\/wp-content\/uploads\/2021\/12\/IMG_1698.jpeg\" data-width=\"\" data-height=\"\" aria-label=\"\" role=\"img\" ><\/div>\n\t\t\t\t\t\t\t\t\t\t\t<div class=\"elementor-gallery-item__overlay\"><\/div>\n\t\t\t\t\t\t\t\t\t\t\t\t\t\t<\/a>\n\t\t\t\t\t\t\t<a class=\"e-gallery-item elementor-gallery-item elementor-animated-content\" href=\"https:\/\/www.maritimbarcelona.org\/wp-content\/uploads\/2021\/11\/109721245_732408307570396_6010902946469683118_n.jpg\" data-elementor-open-lightbox=\"yes\" data-elementor-lightbox-slideshow=\"6c41cab\" data-elementor-lightbox-title=\"S\u00e9jours d&#039;\u00e9t\u00e9\" data-e-action-hash=\"#elementor-action%3Aaction%3Dlightbox%26settings%3DeyJpZCI6MjIxMywidXJsIjoiaHR0cHM6XC9cL3d3dy5tYXJpdGltYmFyY2Vsb25hLm9yZ1wvd3AtY29udGVudFwvdXBsb2Fkc1wvMjAyMVwvMTFcLzEwOTcyMTI0NV83MzI0MDgzMDc1NzAzOTZfNjAxMDkwMjk0NjQ2OTY4MzExOF9uLmpwZyIsInNsaWRlc2hvdyI6IjZjNDFjYWIifQ%3D%3D\">\n\t\t\t\t\t<div class=\"e-gallery-image elementor-gallery-item__image\" data-thumbnail=\"https:\/\/www.maritimbarcelona.org\/wp-content\/uploads\/2021\/11\/109721245_732408307570396_6010902946469683118_n.jpg\" data-width=\"\" data-height=\"\" aria-label=\"\" role=\"img\" ><\/div>\n\t\t\t\t\t\t\t\t\t\t\t<div class=\"elementor-gallery-item__overlay\"><\/div>\n\t\t\t\t\t\t\t\t\t\t\t\t\t\t<\/a>\n\t\t\t\t\t\t\t<a class=\"e-gallery-item elementor-gallery-item elementor-animated-content\" href=\"https:\/\/www.maritimbarcelona.org\/wp-content\/uploads\/2021\/12\/Estades.jpg\" data-elementor-open-lightbox=\"yes\" data-elementor-lightbox-slideshow=\"6c41cab\" data-elementor-lightbox-title=\"Estades\" data-e-action-hash=\"#elementor-action%3Aaction%3Dlightbox%26settings%3DeyJpZCI6NTA3NywidXJsIjoiaHR0cHM6XC9cL3d3dy5tYXJpdGltYmFyY2Vsb25hLm9yZ1wvd3AtY29udGVudFwvdXBsb2Fkc1wvMjAyMVwvMTJcL0VzdGFkZXMuanBnIiwic2xpZGVzaG93IjoiNmM0MWNhYiJ9\">\n\t\t\t\t\t<div class=\"e-gallery-image elementor-gallery-item__image\" data-thumbnail=\"https:\/\/www.maritimbarcelona.org\/wp-content\/uploads\/2021\/12\/Estades.jpg\" data-width=\"\" data-height=\"\" aria-label=\"\" role=\"img\" ><\/div>\n\t\t\t\t\t\t\t\t\t\t\t<div class=\"elementor-gallery-item__overlay\"><\/div>\n\t\t\t\t\t\t\t\t\t\t\t\t\t\t<\/a>\n\t\t\t\t\t\t\t<a class=\"e-gallery-item elementor-gallery-item elementor-animated-content\" href=\"https:\/\/www.maritimbarcelona.org\/wp-content\/uploads\/2021\/12\/IMG_1701-1.jpeg\" data-elementor-open-lightbox=\"yes\" data-elementor-lightbox-slideshow=\"6c41cab\" data-elementor-lightbox-title=\"IMG_1701\" data-e-action-hash=\"#elementor-action%3Aaction%3Dlightbox%26settings%3DeyJpZCI6NTA5MywidXJsIjoiaHR0cHM6XC9cL3d3dy5tYXJpdGltYmFyY2Vsb25hLm9yZ1wvd3AtY29udGVudFwvdXBsb2Fkc1wvMjAyMVwvMTJcL0lNR18xNzAxLTEuanBlZyIsInNsaWRlc2hvdyI6IjZjNDFjYWIifQ%3D%3D\">\n\t\t\t\t\t<div class=\"e-gallery-image elementor-gallery-item__image\" data-thumbnail=\"https:\/\/www.maritimbarcelona.org\/wp-content\/uploads\/2021\/12\/IMG_1701-1.jpeg\" data-width=\"\" data-height=\"\" aria-label=\"\" role=\"img\" ><\/div>\n\t\t\t\t\t\t\t\t\t\t\t<div class=\"elementor-gallery-item__overlay\"><\/div>\n\t\t\t\t\t\t\t\t\t\t\t\t\t\t<\/a>\n\t\t\t\t\t\t\t<a class=\"e-gallery-item elementor-gallery-item elementor-animated-content\" href=\"https:\/\/www.maritimbarcelona.org\/wp-content\/uploads\/2021\/11\/33372329_436266923465674_4655637617063231488_n.jpg\" data-elementor-open-lightbox=\"yes\" data-elementor-lightbox-slideshow=\"6c41cab\" data-elementor-lightbox-title=\"Amiti\u00e9\" data-e-action-hash=\"#elementor-action%3Aaction%3Dlightbox%26settings%3DeyJpZCI6MjIyMiwidXJsIjoiaHR0cHM6XC9cL3d3dy5tYXJpdGltYmFyY2Vsb25hLm9yZ1wvd3AtY29udGVudFwvdXBsb2Fkc1wvMjAyMVwvMTFcLzMzMzcyMzI5XzQzNjI2NjkyMzQ2NTY3NF80NjU1NjM3NjE3MDYzMjMxNDg4X24uanBnIiwic2xpZGVzaG93IjoiNmM0MWNhYiJ9\">\n\t\t\t\t\t<div class=\"e-gallery-image elementor-gallery-item__image\" data-thumbnail=\"https:\/\/www.maritimbarcelona.org\/wp-content\/uploads\/2021\/11\/33372329_436266923465674_4655637617063231488_n.jpg\" data-width=\"\" data-height=\"\" aria-label=\"\" role=\"img\" ><\/div>\n\t\t\t\t\t\t\t\t\t\t\t<div class=\"elementor-gallery-item__overlay\"><\/div>\n\t\t\t\t\t\t\t\t\t\t\t\t\t\t<\/a>\n\t\t\t\t\t<\/div>\n\t\t\t\t\t<\/div>\n\t\t\t\t<\/div>\n\t\t\t\t<section class=\"ob-is-breaking-bad ob-bb-inner elementor-section elementor-inner-section elementor-element elementor-element-796d696 elementor-section-boxed elementor-section-height-default elementor-section-height-default\" data-id=\"796d696\" data-element_type=\"section\" data-e-type=\"section\" data-settings=\"{&quot;_ob_bbad_use_it&quot;:&quot;yes&quot;,&quot;_ob_bbad_sssic_use&quot;:&quot;no&quot;,&quot;_ob_glider_is_slider&quot;:&quot;no&quot;}\">\n\t\t\t\t\t\t<div class=\"elementor-container elementor-column-gap-default\">\n\t\t\t\t\t<div class=\"elementor-column elementor-col-100 elementor-inner-column elementor-element elementor-element-e4eba24\" data-id=\"e4eba24\" data-element_type=\"column\" data-e-type=\"column\" data-settings=\"{&quot;_ob_bbad_is_stalker&quot;:&quot;no&quot;,&quot;_ob_teleporter_use&quot;:false,&quot;_ob_column_hoveranimator&quot;:&quot;no&quot;,&quot;_ob_column_has_pseudo&quot;:&quot;no&quot;}\">\n\t\t\t<div class=\"elementor-widget-wrap\">\n\t\t\t\t\t\t\t<\/div>\n\t\t<\/div>\n\t\t\t\t\t<\/div>\n\t\t<\/section>\n\t\t\t\t<section class=\"ob-is-breaking-bad ob-bb-inner elementor-section elementor-inner-section elementor-element elementor-element-c6a64f2 elementor-section-boxed elementor-section-height-default elementor-section-height-default\" data-id=\"c6a64f2\" data-element_type=\"section\" data-e-type=\"section\" data-settings=\"{&quot;_ob_bbad_use_it&quot;:&quot;yes&quot;,&quot;_ob_bbad_sssic_use&quot;:&quot;no&quot;,&quot;_ob_glider_is_slider&quot;:&quot;no&quot;}\">\n\t\t\t\t\t\t<div class=\"elementor-container elementor-column-gap-default\">\n\t\t\t\t\t<div class=\"elementor-column elementor-col-100 elementor-inner-column elementor-element elementor-element-bf23ba7\" data-id=\"bf23ba7\" data-element_type=\"column\" data-e-type=\"column\" data-settings=\"{&quot;_ob_bbad_is_stalker&quot;:&quot;no&quot;,&quot;_ob_teleporter_use&quot;:false,&quot;_ob_column_hoveranimator&quot;:&quot;no&quot;,&quot;_ob_column_has_pseudo&quot;:&quot;no&quot;}\">\n\t\t\t<div class=\"elementor-widget-wrap elementor-element-populated\">\n\t\t\t\t\t\t<div class=\"elementor-element elementor-element-7bcbc60 elementor-position-inline-start elementor-view-default elementor-mobile-position-block-start ob-has-background-overlay elementor-widget elementor-widget-icon-box\" data-id=\"7bcbc60\" data-element_type=\"widget\" data-e-type=\"widget\" data-settings=\"{&quot;_ob_perspektive_use&quot;:&quot;no&quot;,&quot;_ob_poopart_use&quot;:&quot;yes&quot;,&quot;_ob_shadough_use&quot;:&quot;no&quot;,&quot;_ob_allow_hoveranimator&quot;:&quot;no&quot;,&quot;_ob_widget_stalker_use&quot;:&quot;no&quot;}\" data-widget_type=\"icon-box.default\">\n\t\t\t\t<div class=\"elementor-widget-container\">\n\t\t\t\t\t\t\t<div class=\"elementor-icon-box-wrapper\">\n\n\t\t\t\t\t\t<div class=\"elementor-icon-box-icon\">\n\t\t\t\t<span  class=\"elementor-icon\">\n\t\t\t\t<i aria-hidden=\"true\" class=\"fas fa-cloud-sun\"><\/i>\t\t\t\t<\/span>\n\t\t\t<\/div>\n\t\t\t\n\t\t\t\t\t\t<div class=\"elementor-icon-box-content\">\n\n\t\t\t\t\t\t\t\t\t<h3 class=\"elementor-icon-box-title\">\n\t\t\t\t\t\t<span  >\n\t\t\t\t\t\t\tS\u00e9jours de P\u00e2ques\t\t\t\t\t\t<\/span>\n\t\t\t\t\t<\/h3>\n\t\t\t\t\n\t\t\t\t\t\t\t\t\t<p class=\"elementor-icon-box-description\">\n\t\t\t\t\t\tLe printemps est le moment id\u00e9al pour aller \u00e0 l'eau. Profitez des vacances de P\u00e2ques et venez au Maritim profiter de la mer et de la voile.<br><a href=\"https:\/\/www.maritimbarcelona.org\/fr\/activites\/voile-legere\/estades-setmana-santa\/\">Plus d'information<\/a>\t\t\t\t\t<\/p>\n\t\t\t\t\n\t\t\t<\/div>\n\t\t\t\n\t\t<\/div>\n\t\t\t\t\t\t<\/div>\n\t\t\t\t<\/div>\n\t\t\t\t<div class=\"elementor-element elementor-element-1c65031 elementor-position-inline-start elementor-view-default elementor-mobile-position-block-start ob-has-background-overlay elementor-widget elementor-widget-icon-box\" data-id=\"1c65031\" data-element_type=\"widget\" data-e-type=\"widget\" data-settings=\"{&quot;_ob_perspektive_use&quot;:&quot;no&quot;,&quot;_ob_poopart_use&quot;:&quot;yes&quot;,&quot;_ob_shadough_use&quot;:&quot;no&quot;,&quot;_ob_allow_hoveranimator&quot;:&quot;no&quot;,&quot;_ob_widget_stalker_use&quot;:&quot;no&quot;}\" data-widget_type=\"icon-box.default\">\n\t\t\t\t<div class=\"elementor-widget-container\">\n\t\t\t\t\t\t\t<div class=\"elementor-icon-box-wrapper\">\n\n\t\t\t\t\t\t<div class=\"elementor-icon-box-icon\">\n\t\t\t\t<span  class=\"elementor-icon\">\n\t\t\t\t<i aria-hidden=\"true\" class=\"fas fa-sun\"><\/i>\t\t\t\t<\/span>\n\t\t\t<\/div>\n\t\t\t\n\t\t\t\t\t\t<div class=\"elementor-icon-box-content\">\n\n\t\t\t\t\t\t\t\t\t<h3 class=\"elementor-icon-box-title\">\n\t\t\t\t\t\t<span  >\n\t\t\t\t\t\t\tS\u00e9jours d'\u00e9t\u00e9\t\t\t\t\t\t<\/span>\n\t\t\t\t\t<\/h3>\n\t\t\t\t\n\t\t\t\t\t\t\t\t\t<p class=\"elementor-icon-box-description\">\n\t\t\t\t\t\tDe fin juin \u00e0 d\u00e9but septembre, les s\u00e9jours d'\u00e9t\u00e9 offrent aux gar\u00e7ons et aux filles de 6 \u00e0 17 ans l'opportunit\u00e9 d'apprendre et de surfer, de partager des moments de jeu, d'apprendre sur la nature, l'amiti\u00e9 et beaucoup de plaisir ! Organis\u00e9s pendant des semaines et avec l'option demi-pension, les s\u00e9jours sont l'occasion de profiter de la mer de Barcelone.<br><a href=\"https:\/\/www.maritimbarcelona.org\/fr\/activites\/voile-legere\/estades-estiu\/\">Plus d'information<\/a>\t\t\t\t\t<\/p>\n\t\t\t\t\n\t\t\t<\/div>\n\t\t\t\n\t\t<\/div>\n\t\t\t\t\t\t<\/div>\n\t\t\t\t<\/div>\n\t\t\t\t<div class=\"elementor-element elementor-element-d609400 elementor-position-inline-start elementor-view-default elementor-mobile-position-block-start ob-has-background-overlay elementor-widget elementor-widget-icon-box\" data-id=\"d609400\" data-element_type=\"widget\" data-e-type=\"widget\" data-settings=\"{&quot;_ob_perspektive_use&quot;:&quot;no&quot;,&quot;_ob_poopart_use&quot;:&quot;yes&quot;,&quot;_ob_shadough_use&quot;:&quot;no&quot;,&quot;_ob_allow_hoveranimator&quot;:&quot;no&quot;,&quot;_ob_widget_stalker_use&quot;:&quot;no&quot;}\" data-widget_type=\"icon-box.default\">\n\t\t\t\t<div class=\"elementor-widget-container\">\n\t\t\t\t\t\t\t<div class=\"elementor-icon-box-wrapper\">\n\n\t\t\t\t\t\t<div class=\"elementor-icon-box-icon\">\n\t\t\t\t<span  class=\"elementor-icon\">\n\t\t\t\t<i aria-hidden=\"true\" class=\"fas fa-child\"><\/i>\t\t\t\t<\/span>\n\t\t\t<\/div>\n\t\t\t\n\t\t\t\t\t\t<div class=\"elementor-icon-box-content\">\n\n\t\t\t\t\t\t\t\t\t<h3 class=\"elementor-icon-box-title\">\n\t\t\t\t\t\t<span  >\n\t\t\t\t\t\t\tS\u00e9jours \u00e9t\u00e9 enfants\t\t\t\t\t\t<\/span>\n\t\t\t\t\t<\/h3>\n\t\t\t\t\n\t\t\t\t\t\t\t\t\t<p class=\"elementor-icon-box-description\">\n\t\t\t\t\t\tNous proposons des s\u00e9jours adapt\u00e9s aux plus petits. (4, 5 et 6 ans). Avec des activit\u00e9s adapt\u00e9es \u00e0 l'\u00e2ge<br><a href=\"https:\/\/www.maritimbarcelona.org\/fr\/activites\/voile-legere\/sailing-17-sejours-dete-pour-enfants\/\">Plus d'information<\/a>\t\t\t\t\t<\/p>\n\t\t\t\t\n\t\t\t<\/div>\n\t\t\t\n\t\t<\/div>\n\t\t\t\t\t\t<\/div>\n\t\t\t\t<\/div>\n\t\t\t\t\t<\/div>\n\t\t<\/div>\n\t\t\t\t\t<\/div>\n\t\t<\/section>\n\t\t\t\t\t<\/div>\n\t\t<\/div>\n\t\t\t\t\t<\/div>\n\t\t<\/section>\n\t\t\t\t<\/div>\n\t\t","protected":false},"excerpt":{"rendered":"<p>S\u00e9jours sportifs Le Club accueille depuis 2011 les \u00ab\u00a0S\u00e9jours d&rsquo;\u00e9t\u00e9\u00a0\u00bb, une excellente activit\u00e9 pour les enfants et les jeunes qui, dans un environnement privil\u00e9gi\u00e9, s&rsquo;initient aux sports nautiques et apprennent en m\u00eame temps \u00e0 \u00eatre responsables et respectueux de l&rsquo;environnement. S\u00e9jours de P\u00e2ques Le printemps est le moment id\u00e9al pour aller \u00e0 l&rsquo;eau. Profitez des [&hellip;]<\/p>\n","protected":false},"author":2,"featured_media":0,"parent":2844,"menu_order":0,"comment_status":"closed","ping_status":"closed","template":"","meta":{"footnotes":""},"class_list":["post-2777","page","type-page","status-publish","hentry"],"_links":{"self":[{"href":"https:\/\/www.maritimbarcelona.org\/fr\/wp-json\/wp\/v2\/pages\/2777","targetHints":{"allow":["GET"]}}],"collection":[{"href":"https:\/\/www.maritimbarcelona.org\/fr\/wp-json\/wp\/v2\/pages"}],"about":[{"href":"https:\/\/www.maritimbarcelona.org\/fr\/wp-json\/wp\/v2\/types\/page"}],"author":[{"embeddable":true,"href":"https:\/\/www.maritimbarcelona.org\/fr\/wp-json\/wp\/v2\/users\/2"}],"replies":[{"embeddable":true,"href":"https:\/\/www.maritimbarcelona.org\/fr\/wp-json\/wp\/v2\/comments?post=2777"}],"version-history":[{"count":4,"href":"https:\/\/www.maritimbarcelona.org\/fr\/wp-json\/wp\/v2\/pages\/2777\/revisions"}],"predecessor-version":[{"id":11013,"href":"https:\/\/www.maritimbarcelona.org\/fr\/wp-json\/wp\/v2\/pages\/2777\/revisions\/11013"}],"up":[{"embeddable":true,"href":"https:\/\/www.maritimbarcelona.org\/fr\/wp-json\/wp\/v2\/pages\/2844"}],"wp:attachment":[{"href":"https:\/\/www.maritimbarcelona.org\/fr\/wp-json\/wp\/v2\/media?parent=2777"}],"curies":[{"name":"wp","href":"https:\/\/api.w.org\/{rel}","templated":true}]}}