{"id":2969,"date":"2021-11-20T13:21:20","date_gmt":"2021-11-20T12:21:20","guid":{"rendered":"https:\/\/clubmaritimobarcelona.sitiosendesarrollo.com\/calendari\/cours-dinitiation-et-de-perfectionnement-a-la-voile-enfants-jeunes\/"},"modified":"2021-12-24T18:43:39","modified_gmt":"2021-12-24T17:43:39","slug":"cours-dinitiation-et-de-perfectionnement-a-la-voile-enfants-jeunes","status":"publish","type":"mec-events","link":"https:\/\/www.maritimbarcelona.org\/fr\/calendari\/cours-dinitiation-et-de-perfectionnement-a-la-voile-enfants-jeunes\/","title":{"rendered":"Cours d&rsquo;initiation et de perfectionnement \u00e0 la voile &#8211; Enfants \/ Jeunes"},"content":{"rendered":"<div class=\"style-color-322408-bg row-container onepage-section boomapps_vcrow\" data-parent=\"true\" data-label=\"cursos\" data-name=\"cursos\" data-section=\"2\">\n<div class=\"row double-top-padding triple-bottom-padding single-h-padding limit-width row-parent\" data-imgready=\"true\">\n<div class=\"row-inner\">\n<div class=\"pos-top pos-center align_left column_parent col-lg-12 boomapps_vccolumn single-internal-gutter\">\n<div class=\"uncol style-light\">\n<div class=\"uncoltable\">\n<div class=\"uncell boomapps_vccolumn no-block-padding\">\n<div class=\"uncont\">\n<div class=\"uncode_text_column\">\n<p><span class=\"text-section-white\">Le club organise des stages le week-end.<\/span><\/p>\n<\/div>\n<\/div>\n<\/div>\n<\/div>\n<\/div>\n<\/div>\n<\/div>\n<\/div>\n<\/div>\n<div class=\"style-color-322408-bg row-container onepage-section boomapps_vcrow\" data-parent=\"true\" data-label=\"cursos\" data-name=\"cursos\" data-section=\"3\">\n<div class=\"row no-top-padding quad-bottom-padding single-h-padding limit-width row-parent\" data-imgready=\"true\">\n<div class=\"row-inner\">\n<div class=\"pos-top pos-center align_left column_parent col-lg-6 boomapps_vccolumn single-internal-gutter\">\n<div class=\"uncol style-light\">\n<div class=\"uncoltable\">\n<div class=\"uncell boomapps_vccolumn no-block-padding\">\n<div class=\"uncont\">\n<div class=\"uncode_text_column\">\n<p>Le samedi en deux s\u00e9ances par mois de 5h chacune.<\/p>\n<p>Vous devez avoir la carte de l&rsquo;\u00e9cole f\u00e9d\u00e9rale de voile annuelle (elle sera trait\u00e9e par le Club).<\/p>\n<p><span class=\"text-section-white3\">OPTIONNEL: <\/span><\/p>\n<p>Les dimanches en deux sessions par mois de 5 heures chacune (initiation aux r\u00e9gates) + 10,00 \u20ac \/ mois<\/p>\n<p>CALENDRIER:<\/p>\n<p>De 9h30 \u00e0 14h30<\/p>\n<p>CALENDRIER:<\/p>\n<\/div>\n<\/div>\n<\/div>\n<\/div>\n<\/div>\n<\/div>\n<\/div>\n<\/div>\n<\/div>\n<p>Novembre : 6 et 7, 13, 20 et 21, 27 et 28<br \/>\nD\u00e9cembre : 4 et 5 (R\u00e9gate de No\u00ebl), 11 et 12, 19 (R\u00e9gate de No\u00ebl)<\/p>\n<p>LE PRIX:<\/p>\n<ul>\n<li>Pour pouvoir participer au cours, il est essentiel d&rsquo;\u00eatre membre. Le co\u00fbt du cours est inclus dans le prix,<br \/>\n\u00e0 l&rsquo;exception des enfants de 6 \u00e0 7 ans qui co\u00fbteront 25,88 \u20ac\/mois.<\/li>\n<li>Cotisation mensuelle : 30,23 \u20ac (de 8 \u00e0 14 ans) \/ 41,01 \u20ac (de 15 \u00e0 18 ans) \/ 41,40 \u20ac (de 19 \u00e0 30 ans)<br \/>\nann\u00e9es)<\/li>\n<\/ul>\n<p>\u00c9QUIPEMENT:<\/p>\n<ul>\n<li>V\u00eatements confortables<\/li>\n<li>Chaussures de sport<br \/>\nN\u00e9opr\u00e8ne, pompes *<\/li>\n<li>Veste coupe-vent *<\/li>\n<li>Casquette, lunettes de soleil<\/li>\n<li>Une serviette et une monnaie de rechange<\/li>\n<li>Gilets de sauvetage (sera laiss\u00e9s par le club)<\/li>\n<li>* Indication pr\u00e9alable du moniteur dans les cours d&rsquo;automne, hiver et printemps sera n\u00e9cessaire un n\u00e9opr\u00e8ne.<\/li>\n<li>Le club dispose de vestiaires et d&rsquo;une combinaison n\u00e9opr\u00e8ne \u00e0 disposition des participants aux cours.<\/li>\n<\/ul>\n<p>ENREGISTREMENT:<\/p>\n<ul>\n<li> Devenir membre<\/li>\n<li>Remplissez le <a href=\"https:\/\/www.maritimbarcelona.org\/activitats\/vela-lleugera\/#formulario-de-inscripcion-vela\">formulaire d&rsquo;inscription<\/a><\/li>\n<li>Pr\u00e9sentez une copie de la carte de s\u00e9curit\u00e9 sociale : par e-mail \u00e0 vela@maritimbarcelona.org ou au Secr\u00e9tariat Maritime.<\/li>\n<\/ul>\n","protected":false},"excerpt":{"rendered":"<p>Le club organise des stages le week-end. Le samedi en deux s\u00e9ances par mois de 5h chacune. Vous devez avoir la carte de l&rsquo;\u00e9cole f\u00e9d\u00e9rale de voile annuelle (elle sera trait\u00e9e par le Club). OPTIONNEL: Les dimanches en deux sessions par mois de 5 heures chacune (initiation aux r\u00e9gates) + 10,00 \u20ac \/ mois CALENDRIER: [&hellip;]<\/p>\n","protected":false},"author":1,"featured_media":2138,"comment_status":"closed","ping_status":"closed","template":"","mec_category":[96],"mec_tag":[154],"class_list":["post-2969","mec-events","type-mec-events","status-publish","has-post-thumbnail","hentry","mec_category-deriveur","mec_tag-cours"],"_links":{"self":[{"href":"https:\/\/www.maritimbarcelona.org\/fr\/wp-json\/wp\/v2\/mec-events\/2969","targetHints":{"allow":["GET"]}}],"collection":[{"href":"https:\/\/www.maritimbarcelona.org\/fr\/wp-json\/wp\/v2\/mec-events"}],"about":[{"href":"https:\/\/www.maritimbarcelona.org\/fr\/wp-json\/wp\/v2\/types\/mec-events"}],"author":[{"embeddable":true,"href":"https:\/\/www.maritimbarcelona.org\/fr\/wp-json\/wp\/v2\/users\/1"}],"replies":[{"embeddable":true,"href":"https:\/\/www.maritimbarcelona.org\/fr\/wp-json\/wp\/v2\/comments?post=2969"}],"wp:featuredmedia":[{"embeddable":true,"href":"https:\/\/www.maritimbarcelona.org\/fr\/wp-json\/wp\/v2\/media\/2138"}],"wp:attachment":[{"href":"https:\/\/www.maritimbarcelona.org\/fr\/wp-json\/wp\/v2\/media?parent=2969"}],"wp:term":[{"taxonomy":"mec_category","embeddable":true,"href":"https:\/\/www.maritimbarcelona.org\/fr\/wp-json\/wp\/v2\/mec_category?post=2969"},{"taxonomy":"mec_tag","embeddable":true,"href":"https:\/\/www.maritimbarcelona.org\/fr\/wp-json\/wp\/v2\/mec_tag?post=2969"}],"curies":[{"name":"wp","href":"https:\/\/api.w.org\/{rel}","templated":true}]}}